{"id":449,"date":"2021-02-10T06:49:51","date_gmt":"2021-02-10T06:49:51","guid":{"rendered":"https:\/\/milenavillamil.com\/?page_id=449"},"modified":"2021-02-10T06:49:51","modified_gmt":"2021-02-10T06:49:51","slug":"sobre-mi","status":"publish","type":"page","link":"https:\/\/milenavillamil.com\/index.php\/sobre-mi\/","title":{"rendered":"Sobre mi"},"content":{"rendered":"<p>[et_pb_section fb_built=\u00bb1&#8243; fullwidth=\u00bbon\u00bb next_background_color=\u00bb#ffffff\u00bb admin_label=\u00bbPage Header\u00bb _builder_version=\u00bb4.8.1&#8243; background_image=\u00bbhttps:\/\/milenavillamil.com\/wp-content\/uploads\/2021\/02\/sombre-mi-2.jpg\u00bb bottom_divider_style=\u00bbramp2&#8243;][et_pb_fullwidth_header title=\u00bbAcompa\u00f1\u00e1ndote en tu descubrimiento\u00bb text_orientation=\u00bbcenter\u00bb admin_label=\u00bbHero Section\u00bb _builder_version=\u00bb4.8.1&#8243; title_font=\u00bbAleo|700|||||||\u00bb title_line_height=\u00bb1.4em\u00bb content_font_size=\u00bb22px\u00bb content_line_height=\u00bb1.8em\u00bb subhead_font=\u00bb||||\u00bb background_color=\u00bbrgba(255, 255, 255, 0)\u00bb use_background_color_gradient=\u00bbon\u00bb background_color_gradient_start=\u00bbrgba(58,52,226,0.93)\u00bb background_color_gradient_end=\u00bbrgba(73,108,220,0.7)\u00bb custom_button_one=\u00bbon\u00bb button_one_text_size=\u00bb16px\u00bb button_one_bg_color=\u00bb#6eba01&#8243; button_one_border_width=\u00bb2px\u00bb button_one_border_color=\u00bb#6eba01&#8243; button_one_border_radius=\u00bb0&#8243; button_one_letter_spacing=\u00bb2&#8243; button_one_font=\u00bbMontserrat|||on|\u00bb button_one_use_icon=\u00bboff\u00bb custom_button_two=\u00bbon\u00bb button_two_text_size=\u00bb16px\u00bb button_two_border_width=\u00bb2px\u00bb button_two_border_color=\u00bb#ffffff\u00bb button_two_border_radius=\u00bb0&#8243; button_two_letter_spacing=\u00bb2&#8243; button_two_font=\u00bbMontserrat|||on|\u00bb button_two_use_icon=\u00bboff\u00bb module_alignment=\u00bbleft\u00bb animation_style=\u00bbfade\u00bb button_one_text_color_hover=\u00bb#6eba01&#8243; button_two_text_color_hover=\u00bb#6eba01&#8243; button_one_border_color_hover=\u00bb#ffffff\u00bb button_two_border_color_hover=\u00bb#ffffff\u00bb button_one_border_radius_hover=\u00bb0&#8243; button_two_border_radius_hover=\u00bb0&#8243; button_one_letter_spacing_hover=\u00bb2&#8243; button_two_letter_spacing_hover=\u00bb2&#8243; button_one_bg_color_hover=\u00bb#ffffff\u00bb button_two_bg_color_hover=\u00bb#ffffff\u00bb button_one_text_size__hover_enabled=\u00bboff\u00bb button_two_text_size__hover_enabled=\u00bboff\u00bb button_one_text_color__hover_enabled=\u00bbon\u00bb button_one_text_color__hover=\u00bb#6eba01&#8243; button_two_text_color__hover_enabled=\u00bbon\u00bb button_two_text_color__hover=\u00bb#6eba01&#8243; button_one_border_width__hover_enabled=\u00bboff\u00bb button_two_border_width__hover_enabled=\u00bboff\u00bb button_one_border_color__hover_enabled=\u00bbon\u00bb button_one_border_color__hover=\u00bb#ffffff\u00bb button_two_border_color__hover_enabled=\u00bbon\u00bb button_two_border_color__hover=\u00bb#ffffff\u00bb button_one_border_radius__hover_enabled=\u00bbon\u00bb button_one_border_radius__hover=\u00bb0&#8243; button_two_border_radius__hover_enabled=\u00bbon\u00bb button_two_border_radius__hover=\u00bb0&#8243; button_one_letter_spacing__hover_enabled=\u00bbon\u00bb button_one_letter_spacing__hover=\u00bb2&#8243; button_two_letter_spacing__hover_enabled=\u00bbon\u00bb button_two_letter_spacing__hover=\u00bb2&#8243; button_one_bg_color__hover_enabled=\u00bbon\u00bb button_one_bg_color__hover=\u00bb#ffffff\u00bb button_two_bg_color__hover_enabled=\u00bbon\u00bb button_two_bg_color__hover=\u00bb#ffffff\u00bb]<\/p>\n<p>&nbsp;<\/p>\n<p>&nbsp;<\/p>\n<p>&nbsp;<\/p>\n<p>[\/et_pb_fullwidth_header][\/et_pb_section][et_pb_section fb_built=\u00bb1&#8243; admin_label=\u00bbServices\u00bb _builder_version=\u00bb3.22&#8243; min_height=\u00bb344px\u00bb custom_padding=\u00bb90px||3px|||\u00bb locked=\u00bboff\u00bb][et_pb_row _builder_version=\u00bb3.25&#8243; background_size=\u00bbinitial\u00bb background_position=\u00bbtop_left\u00bb background_repeat=\u00bbrepeat\u00bb custom_width_px=\u00bb710px\u00bb][et_pb_column type=\u00bb4_4&#8243; _builder_version=\u00bb3.25&#8243; background_position=\u00bbtop_left\u00bb custom_padding=\u00bb|||\u00bb custom_padding__hover=\u00bb|||\u00bb][et_pb_divider color=\u00bb#4e5ed0&#8243; divider_weight=\u00bb3px\u00bb disabled_on=\u00bboff|off|off\u00bb _builder_version=\u00bb3.2&#8243; background_color_gradient_direction=\u00bb90deg\u00bb max_width=\u00bb100px\u00bb module_alignment=\u00bbcenter\u00bb height=\u00bb5px\u00bb custom_margin=\u00bb||20px|\u00bb custom_padding=\u00bb||20px|\u00bb animation_style=\u00bbslide\u00bb animation_direction=\u00bbbottom\u00bb saved_tabs=\u00bball\u00bb locked=\u00bboff\u00bb][\/et_pb_divider][et_pb_text admin_label=\u00bbServices Section Title\u00bb _builder_version=\u00bb4.9.0&#8243; header_font=\u00bbAleo||||||||\u00bb header_text_color=\u00bb#1f1f1f\u00bb header_font_size=\u00bb36px\u00bb text_orientation=\u00bbcenter\u00bb max_width=\u00bb710px\u00bb module_alignment=\u00bbcenter\u00bb animation_style=\u00bbfold\u00bb animation_direction=\u00bbbottom\u00bb animation_intensity_fold=\u00bb20%\u00bb]<\/p>\n<h1>\u00abhoy soy el resultado de las interpretaciones que redise\u00f1o de mi pasado, de mi presente y de mi futuro, siempre elijo reaprender\u00bb<\/h1>\n<p>[\/et_pb_text][\/et_pb_column][\/et_pb_row][\/et_pb_section][et_pb_section fb_built=\u00bb1&#8243; _builder_version=\u00bb4.8.1&#8243; _module_preset=\u00bbdefault\u00bb custom_padding=\u00bb2px|||||\u00bb][et_pb_row _builder_version=\u00bb4.8.1&#8243; _module_preset=\u00bbdefault\u00bb][et_pb_column type=\u00bb4_4&#8243; _builder_version=\u00bb4.8.1&#8243; _module_preset=\u00bbdefault\u00bb][et_pb_image src=\u00bbhttps:\/\/milenavillamil.com\/wp-content\/uploads\/2021\/02\/sobre-mi-2.png\u00bb title_text=\u00bbsobre-mi-2&#8243; align=\u00bbcenter\u00bb _builder_version=\u00bb4.8.1&#8243; _module_preset=\u00bbdefault\u00bb module_alignment=\u00bbcenter\u00bb height=\u00bb300px\u00bb animation_style=\u00bbfold\u00bb border_radii=\u00bbon|100%|100%|100%|100%\u00bb][\/et_pb_image][dsm_text_divider header=\u00bbMis Valores y Pilares\u00bb color=\u00bb#0C71C3&#8243; _builder_version=\u00bb4.8.1&#8243; _module_preset=\u00bbdefault\u00bb header_font=\u00bbAleo|700|||||||\u00bb header_font_size=\u00bb30px\u00bb animation_style=\u00bbfold\u00bb animation_direction=\u00bbbottom\u00bb][\/dsm_text_divider][et_pb_counters bar_bg_color=\u00bbrgba(12,113,195,0.73)\u00bb use_percentages=\u00bboff\u00bb _builder_version=\u00bb4.9.9&#8243; _module_preset=\u00bbdefault\u00bb title_font=\u00bb|700|||||||\u00bb title_font_size=\u00bb16px\u00bb background_enable_color=\u00bboff\u00bb text_orientation=\u00bbcenter\u00bb custom_margin=\u00bb0px||||false|false\u00bb custom_padding=\u00bb0px||||false|false\u00bb animation_style=\u00bbfold\u00bb animation_direction=\u00bbbottom\u00bb][et_pb_counter percent=\u00bb100&#8243; _builder_version=\u00bb4.8.1&#8243; _module_preset=\u00bbdefault\u00bb background_enable_color_default=\u00bboff\u00bb parallax_default=\u00bboff\u00bb parallax_method_default=\u00bbon\u00bb bar_background_color_default=\u00bbrgba(12,113,195,0.73)\u00bb use_percentages=\u00bboff\u00bb allow_player_pause_default=\u00bboff\u00bb]HUMILDAD[\/et_pb_counter][et_pb_counter percent=\u00bb100&#8243; _builder_version=\u00bb4.8.1&#8243; _module_preset=\u00bbdefault\u00bb background_enable_color_default=\u00bboff\u00bb parallax_default=\u00bboff\u00bb parallax_method_default=\u00bbon\u00bb bar_background_color_default=\u00bbrgba(12,113,195,0.73)\u00bb use_percentages=\u00bboff\u00bb allow_player_pause_default=\u00bboff\u00bb]AMOR[\/et_pb_counter][et_pb_counter percent=\u00bb100&#8243; _builder_version=\u00bb4.8.1&#8243; _module_preset=\u00bbdefault\u00bb background_enable_color_default=\u00bboff\u00bb parallax_default=\u00bboff\u00bb parallax_method_default=\u00bbon\u00bb bar_background_color_default=\u00bbrgba(12,113,195,0.73)\u00bb use_percentages=\u00bboff\u00bb allow_player_pause_default=\u00bboff\u00bb]RESPETO[\/et_pb_counter][et_pb_counter percent=\u00bb100&#8243; _builder_version=\u00bb4.9.0&#8243; _module_preset=\u00bbdefault\u00bb background_enable_color_default=\u00bboff\u00bb parallax_default=\u00bboff\u00bb parallax_method_default=\u00bbon\u00bb bar_background_color_default=\u00bbrgba(12,113,195,0.73)\u00bb use_percentages=\u00bboff\u00bb allow_player_pause_default=\u00bboff\u00bb]EQUIDAD[\/et_pb_counter][et_pb_counter percent=\u00bb100&#8243; _builder_version=\u00bb4.8.1&#8243; _module_preset=\u00bbdefault\u00bb background_enable_color_default=\u00bboff\u00bb parallax_default=\u00bboff\u00bb parallax_method_default=\u00bbon\u00bb bar_background_color_default=\u00bbrgba(12,113,195,0.73)\u00bb use_percentages=\u00bboff\u00bb allow_player_pause_default=\u00bboff\u00bb]PROFESIONALISMO[\/et_pb_counter][et_pb_counter percent=\u00bb100&#8243; _builder_version=\u00bb4.8.1&#8243; _module_preset=\u00bbdefault\u00bb background_enable_color_default=\u00bboff\u00bb parallax_default=\u00bboff\u00bb parallax_method_default=\u00bbon\u00bb bar_background_color_default=\u00bbrgba(12,113,195,0.73)\u00bb use_percentages=\u00bboff\u00bb allow_player_pause_default=\u00bboff\u00bb]PERSISTENCIA[\/et_pb_counter][\/et_pb_counters][\/et_pb_column][\/et_pb_row][\/et_pb_section][et_pb_section fb_built=\u00bb1&#8243; prev_background_color=\u00bb#ffffff\u00bb admin_label=\u00bbMi historia\u00bb _builder_version=\u00bb4.8.1&#8243; _module_preset=\u00bbdefault\u00bb background_color=\u00bb#f7f7f7&#8243; top_divider_style=\u00bbramp2&#8243; top_divider_height=\u00bb101px\u00bb top_divider_repeat=\u00bb0x\u00bb top_divider_flip=\u00bbhorizontal|vertical\u00bb][et_pb_row column_structure=\u00bb1_2,1_2&#8243; _builder_version=\u00bb4.8.1&#8243; _module_preset=\u00bbdefault\u00bb][et_pb_column type=\u00bb1_2&#8243; _builder_version=\u00bb4.8.1&#8243; _module_preset=\u00bbdefault\u00bb][et_pb_image src=\u00bbhttps:\/\/milenavillamil.com\/wp-content\/uploads\/2021\/02\/sobremi-2.jpg\u00bb title_text=\u00bbsobremi-2&#8243; force_fullwidth=\u00bbon\u00bb _builder_version=\u00bb4.8.1&#8243; _module_preset=\u00bbdefault\u00bb animation_style=\u00bbfold\u00bb animation_direction=\u00bbbottom\u00bb border_radii=\u00bbon|20px|20px|20px|20px\u00bb][\/et_pb_image][\/et_pb_column][et_pb_column type=\u00bb1_2&#8243; _builder_version=\u00bb4.8.1&#8243; _module_preset=\u00bbdefault\u00bb][et_pb_text _builder_version=\u00bb4.9.0&#8243; _module_preset=\u00bbdefault\u00bb text_font_size=\u00bb16px\u00bb text_line_height=\u00bb1.8em\u00bb header_font=\u00bbAleo|700|||||||\u00bb header_font_size=\u00bb36px\u00bb custom_margin=\u00bb0px||||false|false\u00bb custom_padding=\u00bb20px|20px|20px|20px|false|false\u00bb animation_style=\u00bbfold\u00bb animation_direction=\u00bbbottom\u00bb border_width_all=\u00bb2px\u00bb border_color_all=\u00bb#0C71C3&#8243; box_shadow_style=\u00bbpreset4&#8243; box_shadow_horizontal=\u00bb-10px\u00bb box_shadow_color=\u00bb#0C71C3&#8243;]<\/p>\n<h1>Mi Historia<\/h1>\n<p>Cuando ten\u00eda once a\u00f1os, perd\u00ed a mi Pap\u00e1 (Juan de Jes\u00fas) por enfermedad natural a sus 53 a\u00f1os.<\/p>\n<p>Desde aquel momento, mi madre (Esperanza) y mis dos hermanos (Milton y Pablo) se convirtieron en mi motor de vida. Gracias al amor de ellos y hacia ellos estoy aqu\u00ed firme buscando d\u00eda a d\u00eda quien soy.<\/p>\n<p>A partir de la muerte de mi padre pasaron sucesos muy duros para la ni\u00f1a que fui en ese entonces (violaci\u00f3n, separaci\u00f3n del lado de mi madre y hermanos)<\/p>\n<p>A los 22 a\u00f1os quede embarazada y pase por un aborto, luego me case y aqu\u00ed mi vida toma un rumbo de por m\u00e1s de 10 a\u00f1os de depresi\u00f3n y ansiedad y todo lo que conlleva esta enfermedad.<\/p>\n<p>A mis 34 a\u00f1os tuve el mejor regalo que Dios me pudo dar, fue conocerle a travez del ejercicio y a los 35 a\u00f1os me permite comenzar mi transformaci\u00f3n personal por medio de talleres de Coaching.<\/p>\n<p>[\/et_pb_text][\/et_pb_column][\/et_pb_row][\/et_pb_section][et_pb_section fb_built=\u00bb1&#8243; prev_background_color=\u00bb#f7f7f7&#8243; admin_label=\u00bbAlgunos Hobbies\u00bb _builder_version=\u00bb4.8.1&#8243; use_background_color_gradient=\u00bbon\u00bb background_color_gradient_start=\u00bbrgba(76,72,227,0.96)\u00bb background_color_gradient_end=\u00bbrgba(73,108,220,0.93)\u00bb background_color_gradient_overlays_image=\u00bbon\u00bb background_image=\u00bbhttps:\/\/milenavillamil.com\/wp-content\/uploads\/2021\/02\/home2-2.jpg\u00bb custom_padding=\u00bb50px||12px|||\u00bb top_divider_style=\u00bbramp2&#8243; top_divider_height=\u00bb45px\u00bb animation_style=\u00bbfold\u00bb animation_direction=\u00bbbottom\u00bb animation_intensity_fold=\u00bb4%\u00bb][et_pb_row column_structure=\u00bb1_2,1_2&#8243; _builder_version=\u00bb4.8.1&#8243; _module_preset=\u00bbdefault\u00bb animation_style=\u00bbfold\u00bb animation_direction=\u00bbbottom\u00bb][et_pb_column type=\u00bb1_2&#8243; _builder_version=\u00bb4.8.1&#8243; _module_preset=\u00bbdefault\u00bb][et_pb_text _builder_version=\u00bb4.8.1&#8243; _module_preset=\u00bbdefault\u00bb text_text_color=\u00bb#FFFFFF\u00bb text_font_size=\u00bb16px\u00bb text_line_height=\u00bb1.8em\u00bb header_font=\u00bbAleo|700|||||||\u00bb header_text_color=\u00bb#FFFFFF\u00bb header_font_size=\u00bb36px\u00bb custom_padding=\u00bb20px|20px|20px|20px|false|false\u00bb border_width_all=\u00bb2px\u00bb border_color_all=\u00bb#FFFFFF\u00bb box_shadow_style=\u00bbpreset4&#8243; box_shadow_color=\u00bb#FFFFFF\u00bb]<\/p>\n<h1>Algunos Hobbies<\/h1>\n<p>&nbsp;<\/p>\n<p>Desde el a\u00f1o 2018, encontr\u00e9\u00a0<strong>una pasi\u00f3n<\/strong>\u00a0que me acerc\u00f3 a mejorar mi calidad de vida,\u00a0<strong>el hacer ejercicio, me ayudo a liberarme de enfermedades que seg\u00fan los m\u00e9dicos eran cr\u00f3nicas.<\/strong><\/p>\n<p><strong>Por medio del ejercicio aprend\u00ed conceptos hasta de mi vida espiritual, tales como: la disciplina de un h\u00e1bito siempre nos lleva a resultados esperados y a otros que simplemente sorprenden.<\/strong><\/p>\n<p><strong>Desde este momento amo las actividades f\u00edsicas como nataci\u00f3n, paisajismo, zumba y algunos por desarrollar como boxeo, poll dance entre otros.<\/strong><\/p>\n<p>[\/et_pb_text][\/et_pb_column][et_pb_column type=\u00bb1_2&#8243; _builder_version=\u00bb4.8.1&#8243; _module_preset=\u00bbdefault\u00bb][et_pb_image src=\u00bbhttps:\/\/milenavillamil.com\/wp-content\/uploads\/2021\/02\/sobre-mi-1.jpg\u00bb title_text=\u00bbsobre-mi-1&#8243; _builder_version=\u00bb4.8.1&#8243; _module_preset=\u00bbdefault\u00bb border_radii=\u00bbon|20px|20px|20px|20px\u00bb][\/et_pb_image][\/et_pb_column][\/et_pb_row][\/et_pb_section][et_pb_section fb_built=\u00bb1&#8243; admin_label=\u00bbMi Experiencia\u00bb _builder_version=\u00bb4.8.1&#8243; _module_preset=\u00bbdefault\u00bb background_color=\u00bb#f7f7f7&#8243; top_divider_height=\u00bb101px\u00bb top_divider_repeat=\u00bb0x\u00bb top_divider_flip=\u00bbhorizontal|vertical\u00bb][et_pb_row column_structure=\u00bb1_2,1_2&#8243; _builder_version=\u00bb4.8.1&#8243; _module_preset=\u00bbdefault\u00bb animation_style=\u00bbfold\u00bb animation_direction=\u00bbbottom\u00bb][et_pb_column type=\u00bb1_2&#8243; _builder_version=\u00bb4.8.1&#8243; _module_preset=\u00bbdefault\u00bb][et_pb_image src=\u00bbhttps:\/\/milenavillamil.com\/wp-content\/uploads\/2021\/02\/mi-esperiencia.jpg\u00bb title_text=\u00bbmi-esperiencia\u00bb force_fullwidth=\u00bbon\u00bb _builder_version=\u00bb4.8.1&#8243; _module_preset=\u00bbdefault\u00bb border_radii=\u00bbon|20px|20px|20px|20px\u00bb][\/et_pb_image][\/et_pb_column][et_pb_column type=\u00bb1_2&#8243; _builder_version=\u00bb4.8.1&#8243; _module_preset=\u00bbdefault\u00bb][et_pb_text _builder_version=\u00bb4.9.0&#8243; _module_preset=\u00bbdefault\u00bb text_font_size=\u00bb16px\u00bb text_line_height=\u00bb1.8em\u00bb header_font=\u00bbAleo|700|||||||\u00bb header_font_size=\u00bb36px\u00bb custom_margin=\u00bb0px||||false|false\u00bb custom_padding=\u00bb20px|20px|20px|20px|false|false\u00bb border_width_all=\u00bb2px\u00bb border_color_all=\u00bb#0C71C3&#8243; box_shadow_style=\u00bbpreset4&#8243; box_shadow_horizontal=\u00bb-10px\u00bb box_shadow_color=\u00bb#0C71C3&#8243;]<\/p>\n<h1>Mi Experiencia<\/h1>\n<p>Desde mis 12 a\u00f1os he trabajado para apoyar a mi amada familia, siempre he tenido el pensamiento de ser independiente. He pasado por trabajar desde un cautil y fibra de vidrio hasta llegar como Contador P\u00fablico, desde hace 11 a\u00f1os he trabajado Como Contadora P\u00fablica independiente, brindando acompa\u00f1amiento a la creaci\u00f3n de empresas desde sus estatutos hasta el desarrollo de sus actividades relacionadas con su objeto social, en temas tributarios y administrativos.<\/p>\n<p>El 09 de noviembre de 2019 inicie el camino de la transformaci\u00f3n por medio del coaching de vida, llegue all\u00ed a \u201cciegas\u201d, totalmente siendo esc\u00e9ptica de lo que iba a vivir. Sin prop\u00f3sito alguno, a partir de aqu\u00ed me enamor\u00e9 del Coaching. Hoy en d\u00eda disfruto de ser Coach Ontol\u00f3gico.<\/p>\n<p>[\/et_pb_text][\/et_pb_column][\/et_pb_row][\/et_pb_section][et_pb_section fb_built=\u00bb1&#8243; prev_background_color=\u00bb#f7f7f7&#8243; admin_label=\u00bbMi Nuevo Mundo\u00bb _builder_version=\u00bb4.8.1&#8243; use_background_color_gradient=\u00bbon\u00bb background_color_gradient_start=\u00bbrgba(76,72,227,0.96)\u00bb background_color_gradient_end=\u00bbrgba(73,108,220,0.93)\u00bb background_color_gradient_overlays_image=\u00bbon\u00bb background_image=\u00bbhttps:\/\/milenavillamil.com\/wp-content\/uploads\/2021\/02\/home2-2.jpg\u00bb custom_padding=\u00bb50px||12px|||\u00bb top_divider_style=\u00bbramp2&#8243; top_divider_height=\u00bb45px\u00bb animation_style=\u00bbfold\u00bb animation_direction=\u00bbbottom\u00bb animation_intensity_fold=\u00bb4%\u00bb][et_pb_row column_structure=\u00bb1_2,1_2&#8243; _builder_version=\u00bb4.8.1&#8243; _module_preset=\u00bbdefault\u00bb animation_style=\u00bbfold\u00bb animation_direction=\u00bbbottom\u00bb][et_pb_column type=\u00bb1_2&#8243; _builder_version=\u00bb4.8.1&#8243; _module_preset=\u00bbdefault\u00bb][et_pb_text _builder_version=\u00bb4.9.0&#8243; _module_preset=\u00bbdefault\u00bb text_text_color=\u00bb#FFFFFF\u00bb text_font_size=\u00bb16px\u00bb text_line_height=\u00bb1.8em\u00bb header_font=\u00bbAleo|700|||||||\u00bb header_text_color=\u00bb#FFFFFF\u00bb header_font_size=\u00bb36px\u00bb custom_margin=\u00bb30px||||false|false\u00bb custom_padding=\u00bb20px|20px|20px|20px|false|false\u00bb border_width_all=\u00bb2px\u00bb border_color_all=\u00bb#FFFFFF\u00bb box_shadow_style=\u00bbpreset4&#8243; box_shadow_color=\u00bb#FFFFFF\u00bb]<\/p>\n<h1>Mi Nuevo Mundo<\/h1>\n<p>A partir de mi formaci\u00f3n como coach empec\u00e9 a identificar mi prop\u00f3sito de vida y a vivenciar mis valores aprendidos en mi \u00e1rea espiritual con las personas en sus necesidades emocionales.<\/p>\n<p>Aqu\u00ed estoy, d\u00e1ndome la oportunidad de vivir en el trabajo constante buscando mi mejor versi\u00f3n, viviendo el dia a dia de explorar nuevos aprendizajes para m\u00ed,\u00a0 que me ayudan a buscar esa libertad emocional que tanto busque y que hoy tengo claro que solo en el momento que sea un producto terminado, ese dia dejare de existir y me ir\u00e9 a un mejor lugar.<\/p>\n<p>[\/et_pb_text][\/et_pb_column][et_pb_column type=\u00bb1_2&#8243; _builder_version=\u00bb4.8.1&#8243; _module_preset=\u00bbdefault\u00bb][et_pb_image src=\u00bbhttps:\/\/milenavillamil.com\/wp-content\/uploads\/2021\/02\/sobre-mi-3.jpg\u00bb title_text=\u00bbsobre-mi-3&#8243; _builder_version=\u00bb4.8.1&#8243; _module_preset=\u00bbdefault\u00bb border_radii=\u00bbon|20px|20px|20px|20px\u00bb][\/et_pb_image][\/et_pb_column][\/et_pb_row][\/et_pb_section][et_pb_section fb_built=\u00bb1&#8243; _builder_version=\u00bb4.9.7&#8243; _module_preset=\u00bbdefault\u00bb][et_pb_row _builder_version=\u00bb4.9.7&#8243; _module_preset=\u00bbdefault\u00bb][et_pb_column type=\u00bb4_4&#8243; _builder_version=\u00bb4.9.7&#8243; _module_preset=\u00bbdefault\u00bb][et_pb_gallery gallery_ids=\u00bb1480,1478,1474,1493,1485,1495,1476,1486,1479,1477,1475,1473,1472,1490,1489,1488,1483,1487,1481,1484,1492,1491,1494,1496,1497,1498,1499,1500,1470,1469,1468,1467,1466,1465,1464,1463,1462,1461,1460,1459,1458,1457,1456,1455,1471,1482&#8243; _builder_version=\u00bb4.9.7&#8243; _module_preset=\u00bbdefault\u00bb background_image=\u00bbhttps:\/\/milenavillamil.com\/wp-content\/uploads\/2021\/07\/plantilla4.png\u00bb parallax=\u00bbon\u00bb][\/et_pb_gallery][\/et_pb_column][\/et_pb_row][\/et_pb_section][et_pb_section fb_built=\u00bb1&#8243; _builder_version=\u00bb4.9.9&#8243; _module_preset=\u00bbdefault\u00bb][et_pb_row _builder_version=\u00bb4.9.9&#8243; _module_preset=\u00bbdefault\u00bb][et_pb_column type=\u00bb4_4&#8243; _builder_version=\u00bb4.9.9&#8243; _module_preset=\u00bbdefault\u00bb][et_pb_text _builder_version=\u00bb3.27.4&#8243; text_font=\u00bb||||||||\u00bb header_font=\u00bb||||||||\u00bb header_2_font=\u00bbRaleway|700|||||||\u00bb header_2_font_size=\u00bb56px\u00bb header_2_line_height=\u00bb1.4em\u00bb custom_margin=\u00bb||20px|\u00bb header_2_font_size_tablet=\u00bb36px\u00bb header_2_font_size_phone=\u00bb\u00bb header_2_font_size_last_edited=\u00bbon|phone\u00bb]<\/p>\n<h2 style=\"text-align: center;\">Blog<\/h2>\n<p>[\/et_pb_text][\/et_pb_column][\/et_pb_row][et_pb_row _builder_version=\u00bb3.25&#8243;][et_pb_column type=\u00bb4_4&#8243; _builder_version=\u00bb3.25&#8243; custom_padding=\u00bb|||\u00bb custom_padding__hover=\u00bb|||\u00bb][et_pb_blog fullwidth=\u00bboff\u00bb posts_number=\u00bb3&#8243; include_categories=\u00bball\u00bb show_categories=\u00bboff\u00bb show_pagination=\u00bboff\u00bb _builder_version=\u00bb4.9.9&#8243; header_font=\u00bbRaleway|700|||||||\u00bb header_font_size=\u00bb16px\u00bb header_line_height=\u00bb1.4em\u00bb body_font=\u00bbPoppins||||||||\u00bb body_line_height=\u00bb1.8em\u00bb meta_font=\u00bbPoppins||||||||\u00bb meta_text_color=\u00bb#9e9e9e\u00bb pagination_font=\u00bbRaleway|700|||||||\u00bb pagination_text_color=\u00bb#000dff\u00bb pagination_font_size=\u00bb15px\u00bb border_radii=\u00bbon|3px|3px|3px|3px\u00bb border_width_all=\u00bb0px\u00bb box_shadow_style=\u00bbpreset1&#8243; box_shadow_vertical=\u00bb7px\u00bb box_shadow_blur=\u00bb25px\u00bb box_shadow_color=\u00bbrgba(0,0,0,0.05)\u00bb][\/et_pb_blog][\/et_pb_column][\/et_pb_row][\/et_pb_section]<\/p>\n","protected":false},"excerpt":{"rendered":"<p>&nbsp; &nbsp; &nbsp;\u00abhoy soy el resultado de las interpretaciones que redise\u00f1o de mi pasado, de mi presente y de mi futuro, siempre elijo reaprender\u00bb[dsm_text_divider header=\u00bbMis Valores y Pilares\u00bb color=\u00bb#0C71C3&#8243; _builder_version=\u00bb4.8.1&#8243; _module_preset=\u00bbdefault\u00bb header_font=\u00bbAleo|700|||||||\u00bb header_font_size=\u00bb30px\u00bb animation_style=\u00bbfold\u00bb animation_direction=\u00bbbottom\u00bb][\/dsm_text_divider]HUMILDADAMORRESPETOEQUIDADPROFESIONALISMOPERSISTENCIAMi Historia Cuando ten\u00eda once a\u00f1os, perd\u00ed a mi Pap\u00e1 (Juan de Jes\u00fas) por enfermedad natural a sus 53 a\u00f1os. Desde [&hellip;]<\/p>\n","protected":false},"author":2,"featured_media":0,"parent":0,"menu_order":0,"comment_status":"closed","ping_status":"closed","template":"","meta":{"_et_pb_use_builder":"on","_et_pb_old_content":"","_et_gb_content_width":"","footnotes":""},"class_list":["post-449","page","type-page","status-publish","hentry"],"_links":{"self":[{"href":"https:\/\/milenavillamil.com\/index.php\/wp-json\/wp\/v2\/pages\/449","targetHints":{"allow":["GET"]}}],"collection":[{"href":"https:\/\/milenavillamil.com\/index.php\/wp-json\/wp\/v2\/pages"}],"about":[{"href":"https:\/\/milenavillamil.com\/index.php\/wp-json\/wp\/v2\/types\/page"}],"author":[{"embeddable":true,"href":"https:\/\/milenavillamil.com\/index.php\/wp-json\/wp\/v2\/users\/2"}],"replies":[{"embeddable":true,"href":"https:\/\/milenavillamil.com\/index.php\/wp-json\/wp\/v2\/comments?post=449"}],"version-history":[{"count":0,"href":"https:\/\/milenavillamil.com\/index.php\/wp-json\/wp\/v2\/pages\/449\/revisions"}],"wp:attachment":[{"href":"https:\/\/milenavillamil.com\/index.php\/wp-json\/wp\/v2\/media?parent=449"}],"curies":[{"name":"wp","href":"https:\/\/api.w.org\/{rel}","templated":true}]}}